{"id":1031,"date":"2018-10-22T18:20:46","date_gmt":"2018-10-22T16:20:46","guid":{"rendered":"http:\/\/littlebeauxarts.fr\/?page_id=1031"},"modified":"2025-09-23T22:34:35","modified_gmt":"2025-09-23T20:34:35","slug":"animations-ateliers","status":"publish","type":"page","link":"https:\/\/littlebeauxarts.fr\/?page_id=1031","title":{"rendered":"Ateliers \u00e0 l&#8217;\u00e9cole"},"content":{"rendered":"\n<p class=\"has-text-align-center\">Lorsque les enfants ne vont pas au mus\u00e9e, nous venons \u00e0 eux !<\/p>\n\n\n\n<div style=\"height:50px\" aria-hidden=\"true\" class=\"wp-block-spacer\"><\/div>\n\n\n\n<h2 class=\"wp-block-heading has-text-align-center\">LES MINI-EXPOSITIONS<\/h2>\n\n\n\n<hr class=\"wp-block-separator has-css-opacity is-style-wide\"\/>\n\n\n\n<div class=\"wp-block-columns is-layout-flex wp-container-core-columns-is-layout-9d6595d7 wp-block-columns-is-layout-flex\">\n<div class=\"wp-block-column is-layout-flow wp-block-column-is-layout-flow\" style=\"flex-basis:66.66%\">\n<p><\/p>\n\n\n\n<p>Pour une fois, les enfants ne se d\u00e9placent pas pour d\u00e9couvrir des chefs d&#8217;oeuvre de l&#8217;histoire de l&#8217;art. <\/p>\n\n\n\n<p>Little Beaux-Arts propose un programme d&#8217;animations culturelles et artistiques qui s&#8217;adressent aux \u00e9tablissements scolaires, mais aussi aux centres de loisirs, biblioth\u00e8ques et toute autre structure accueillant des groupes d&#8217;enfants, de la maternelle au coll\u00e8ge.<\/p>\n\n\n\n<div style=\"height:20px\" aria-hidden=\"true\" class=\"wp-block-spacer\"><\/div>\n\n\n\n<p><strong><span style=\"color:#c23751\" class=\"has-inline-color\">LE CONCEPT<\/span><\/strong><\/p>\n\n\n\n<p>4 m\u00e9diatrices, Blanche, Handan, Juliette et Judith, passionn\u00e9es par l&#8217;art et les enfants, sillonnent Lyon et ses environs, la mallette charg\u00e9e de tableaux, de jeux et d&#8217;outils p\u00e9dagogiques. A partir de reproductions d&#8217;oeuvres et de jeux, avec une approche bas\u00e9e sur l&#8217;humour, l&#8217;interactivit\u00e9 et la cr\u00e9ativit\u00e9, les enfants se familiarisent avec les grands artistes et l&#8217;histoire de l&#8217;art sur place et en s&#8217;amusant.<\/p>\n\n\n\n<p>Puis, \u00e0 leur tour d&#8217;\u00eatre des artistes ! Un atelier d&#8217;art plastique peut suivre l&#8217;animation : les enfants r\u00e9alisent une cr\u00e9ation d\u2019apr\u00e8s l&#8217;artiste, une \u0153uvre ou le th\u00e8me pr\u00e9sent\u00e9.<\/p>\n<\/div>\n\n\n\n<div class=\"wp-block-column is-layout-flow wp-block-column-is-layout-flow\" style=\"flex-basis:30.33%\"><div class=\"wp-block-image\">\n<figure class=\"aligncenter size-large is-resized\"><img loading=\"lazy\" decoding=\"async\" width=\"417\" height=\"146\" src=\"http:\/\/littlebeauxarts.fr\/wp-content\/uploads\/2-formules-au-choix-23.png\" alt=\"2 FORMULES AU CHOIX\" class=\"wp-image-2407\" style=\"width:129px;height:45px\" srcset=\"https:\/\/littlebeauxarts.fr\/wp-content\/uploads\/2-formules-au-choix-23.png 417w, https:\/\/littlebeauxarts.fr\/wp-content\/uploads\/2-formules-au-choix-23-300x105.png 300w\" sizes=\"auto, (max-width: 417px) 100vw, 417px\" \/><\/figure>\n<\/div>\n\n\n<p class=\"has-text-align-center\"><strong>1<\/strong><br>Mini-exposition puis atelier pour <br>une classe (ou un groupe)<\/p>\n\n\n\n<p class=\"has-text-align-center\"><strong>2<br><\/strong>Mini-expositions dans 2 classes (ou groupes) successives.fs, sans atelier<\/p>\n\n\n\n<p class=\"has-text-align-center\"><strong>Dur\u00e9e<\/strong> <br>1\/2 journ\u00e9e<br><strong>Classes<\/strong> <br>Toutes, de la PS au coll\u00e8ge<br><strong>Tarif<\/strong> <br>235 \u20ac \/ demi-journ\u00e9e<\/p>\n\n\n\n<p class=\"has-text-align-center\"><strong>T\u00e9l\u00e9charger tout le catalogue :<\/strong><\/p>\n\n\n\n<div class=\"wp-block-file aligncenter\"><a id=\"wp-block-file--media-1a466cc2-9802-4118-8863-05914698edaa\" href=\"http:\/\/littlebeauxarts.fr\/wp-content\/uploads\/Offre-scolaire-LBA-2025-26.pdf\" target=\"_blank\" rel=\"noreferrer noopener\">Offre scolaire 2025-26<\/a><\/div>\n<\/div>\n<\/div>\n\n\n\n<p><strong><mark style=\"background-color:rgba(0, 0, 0, 0);color:#c23751\" class=\"has-inline-color\">7 TH\u00c8MES, PLEIN D&#8217;ATELIERS<\/mark><\/strong><\/p>\n\n\n\n<div class=\"wp-block-columns is-layout-flex wp-container-core-columns-is-layout-9d6595d7 wp-block-columns-is-layout-flex\">\n<div class=\"wp-block-column is-layout-flow wp-block-column-is-layout-flow\">\n<figure class=\"wp-block-image size-large\"><img loading=\"lazy\" decoding=\"async\" width=\"1024\" height=\"744\" src=\"http:\/\/littlebeauxarts.fr\/wp-content\/uploads\/Themes-mini-expos-1-e1698783537431-1024x744.jpg\" alt=\"\" class=\"wp-image-3331\" srcset=\"https:\/\/littlebeauxarts.fr\/wp-content\/uploads\/Themes-mini-expos-1-e1698783537431-1024x744.jpg 1024w, https:\/\/littlebeauxarts.fr\/wp-content\/uploads\/Themes-mini-expos-1-e1698783537431-300x218.jpg 300w, https:\/\/littlebeauxarts.fr\/wp-content\/uploads\/Themes-mini-expos-1-e1698783537431-768x558.jpg 768w, https:\/\/littlebeauxarts.fr\/wp-content\/uploads\/Themes-mini-expos-1-e1698783537431-1536x1116.jpg 1536w, https:\/\/littlebeauxarts.fr\/wp-content\/uploads\/Themes-mini-expos-1-e1698783537431-1160x843.jpg 1160w, https:\/\/littlebeauxarts.fr\/wp-content\/uploads\/Themes-mini-expos-1-e1698783537431.jpg 2000w\" sizes=\"auto, (max-width: 1024px) 100vw, 1024px\" \/><\/figure>\n<\/div>\n<\/div>\n\n\n\n<p class=\"has-text-align-center\">Pour chacun des th\u00e8mes, plusieurs arteliers d&#8217;art plastiques sont propos\u00e9s en fonction de l&#8217;\u00e2ge des enfants et des axes souhait\u00e9s. Le mat\u00e9riel pour l&#8217;atelier est \u00e0 fournir par l&#8217;\u00e9tablissement.<\/p>\n\n\n\n<p class=\"has-text-align-center\">Un dossier p\u00e9dagogique est envoy\u00e9 \u00e0 l&#8217;enseignant pour qu\u2019il puisse pr\u00e9parer sa classe \u00e0 l\u2019intervention choisie ou poursuivre lui-m\u00eame sur le m\u00eame th\u00e8me.<\/p>\n\n\n\n<div style=\"height:17px\" aria-hidden=\"true\" class=\"wp-block-spacer\"><\/div>\n\n\n\n<p class=\"has-text-align-center\"><strong><span style=\"color:#c23751\" class=\"has-inline-color\">ET POUR R\u00c9SERVER ?<\/span><\/strong><\/p>\n\n\n\n<p class=\"has-text-align-center\">Il suffit de remplir et de renvoyer le formulaire de r\u00e9servation ci-dessous en indiquant plusieurs propositions de dates et nous vous recontactons.<\/p>\n\n\n\n<div class=\"wp-block-columns is-layout-flex wp-container-core-columns-is-layout-9d6595d7 wp-block-columns-is-layout-flex\">\n<div class=\"wp-block-column is-vertically-aligned-center is-layout-flow wp-block-column-is-layout-flow\">\n<div class=\"wp-block-file aligncenter\"><a id=\"wp-block-file--media-da039b66-3ccf-4ed1-a32c-b6a10adba0e0\" href=\"http:\/\/littlebeauxarts.fr\/wp-content\/uploads\/Demande-de-reservation-Scolaires.docx\" target=\"_blank\" rel=\"noreferrer noopener\">Demande de r\u00e9servation Scolaires<\/a><\/div>\n<\/div>\n\n\n\n<div class=\"wp-block-column is-layout-flow wp-block-column-is-layout-flow\">\n<div class=\"wp-block-file\"><a id=\"wp-block-file--media-77195058-9a27-41c9-9ec8-8055121b7842\" href=\"http:\/\/littlebeauxarts.fr\/wp-content\/uploads\/Demande-de-reservation-ALAE-Centres-loisirs.docx\" target=\"_blank\" rel=\"noreferrer noopener\">Demande de r\u00e9servation ALAE Centres loisirs<\/a><\/div>\n<\/div>\n<\/div>\n\n\n\n<div style=\"height:3px\" aria-hidden=\"true\" class=\"wp-block-spacer\"><\/div>\n\n\n\n<p class=\"has-text-align-center\">Vous pouvez aussi t\u00e9l\u00e9charger la brochure scolaire plus haut et nous contacter pour plus d&#8217;informations : <a href=\"mailto:contact@littlebeauxarts.fr\" target=\"_blank\" rel=\"noreferrer noopener\">contact@littlebeauxarts.fr<\/a> \/ 06 13 94 51 34<\/p>\n\n\n\n<div style=\"height:30px\" aria-hidden=\"true\" class=\"wp-block-spacer\"><\/div>\n\n\n<style type=\"text\/css\">\n#foogallery-gallery-2192 .fg-image { width: 150px; }\n#foogallery-gallery-2192 { --fg-gutter: 10px; }<\/style>\n\t\t\t<div class=\"foogallery foogallery-container foogallery-default foogallery-lightbox-none fg-center fg-default fg-ready fg-light fg-border-thin fg-shadow-outline fg-loading-default fg-loaded-fade-in fg-caption-hover fg-hover-fade fg-hover-zoom\" id=\"foogallery-gallery-2192\" data-foogallery=\"{&quot;item&quot;:{&quot;showCaptionTitle&quot;:true,&quot;showCaptionDescription&quot;:true},&quot;lazy&quot;:true}\" style=\"--fg-title-line-clamp: 0; --fg-description-line-clamp: 0;\" >\n\t<div class=\"fg-item fg-type-image fg-idle\"><figure class=\"fg-item-inner\"><a href=\"https:\/\/littlebeauxarts.fr\/wp-content\/uploads\/IMG_3361-scaled-e1612450572689.jpg\" data-attachment-id=\"2193\" data-type=\"image\" class=\"fg-thumb\"><span class=\"fg-image-wrap\"><img decoding=\"async\" alt=\"Galerie Ateliers a lecole 5 - Little Beaux Arts - Lyon\" width=\"150\" height=\"150\" class=\"skip-lazy fg-image\" data-src-fg=\"https:\/\/littlebeauxarts.fr\/wp-content\/uploads\/cache\/IMG_3361-scaled-e1612450572689\/1011544204.jpg\" src=\"data:image\/svg+xml,%3Csvg%20xmlns%3D%22http%3A%2F%2Fwww.w3.org%2F2000%2Fsvg%22%20width%3D%22150%22%20height%3D%22150%22%20viewBox%3D%220%200%20150%20150%22%3E%3C%2Fsvg%3E\" loading=\"eager\"><\/span><span class=\"fg-image-overlay\"><\/span><\/a><\/figure><div class=\"fg-loader\"><\/div><\/div><div class=\"fg-item fg-type-image fg-idle\"><figure class=\"fg-item-inner\"><a href=\"https:\/\/littlebeauxarts.fr\/wp-content\/uploads\/Deguisement-recadree.jpg\" data-attachment-id=\"2196\" data-type=\"image\" class=\"fg-thumb\"><span class=\"fg-image-wrap\"><img decoding=\"async\" alt=\"Galerie Ateliers a lecole 3 - Little Beaux Arts - Lyon\" width=\"150\" height=\"150\" class=\"skip-lazy fg-image\" data-src-fg=\"https:\/\/littlebeauxarts.fr\/wp-content\/uploads\/cache\/Deguisement-recadree\/1535294220.jpg\" src=\"data:image\/svg+xml,%3Csvg%20xmlns%3D%22http%3A%2F%2Fwww.w3.org%2F2000%2Fsvg%22%20width%3D%22150%22%20height%3D%22150%22%20viewBox%3D%220%200%20150%20150%22%3E%3C%2Fsvg%3E\" loading=\"eager\"><\/span><span class=\"fg-image-overlay\"><\/span><\/a><\/figure><div class=\"fg-loader\"><\/div><\/div><div class=\"fg-item fg-type-image fg-idle\"><figure class=\"fg-item-inner\"><a href=\"https:\/\/littlebeauxarts.fr\/wp-content\/uploads\/IMG_0423-CE1-scaled.jpg\" data-attachment-id=\"2198\" data-type=\"image\" class=\"fg-thumb\"><span class=\"fg-image-wrap\"><img decoding=\"async\" alt=\"Galerie Ateliers a lecole 2 - Little Beaux Arts - Lyon\" width=\"150\" height=\"150\" class=\"skip-lazy fg-image\" data-src-fg=\"https:\/\/littlebeauxarts.fr\/wp-content\/uploads\/cache\/IMG_0423-CE1-scaled\/3126053626.jpg\" src=\"data:image\/svg+xml,%3Csvg%20xmlns%3D%22http%3A%2F%2Fwww.w3.org%2F2000%2Fsvg%22%20width%3D%22150%22%20height%3D%22150%22%20viewBox%3D%220%200%20150%20150%22%3E%3C%2Fsvg%3E\" loading=\"eager\"><\/span><span class=\"fg-image-overlay\"><\/span><\/a><\/figure><div class=\"fg-loader\"><\/div><\/div><div class=\"fg-item fg-type-image fg-idle\"><figure class=\"fg-item-inner\"><a href=\"https:\/\/littlebeauxarts.fr\/wp-content\/uploads\/IMG_2870.jpg\" data-attachment-id=\"2194\" data-type=\"image\" class=\"fg-thumb\"><span class=\"fg-image-wrap\"><img decoding=\"async\" alt=\"Galerie Ateliers a lecole 4 - Little Beaux Arts - Lyon\" width=\"150\" height=\"150\" class=\"skip-lazy fg-image\" data-src-fg=\"https:\/\/littlebeauxarts.fr\/wp-content\/uploads\/cache\/IMG_2870\/2618638748.jpg\" src=\"data:image\/svg+xml,%3Csvg%20xmlns%3D%22http%3A%2F%2Fwww.w3.org%2F2000%2Fsvg%22%20width%3D%22150%22%20height%3D%22150%22%20viewBox%3D%220%200%20150%20150%22%3E%3C%2Fsvg%3E\" loading=\"eager\"><\/span><span class=\"fg-image-overlay\"><\/span><\/a><\/figure><div class=\"fg-loader\"><\/div><\/div><div class=\"fg-item fg-type-image fg-idle\"><figure class=\"fg-item-inner\"><a href=\"https:\/\/littlebeauxarts.fr\/wp-content\/uploads\/2021\/01\/IMG_1301-scaled.jpg\" data-attachment-id=\"1767\" data-type=\"image\" class=\"fg-thumb\"><span class=\"fg-image-wrap\"><img decoding=\"async\" alt=\"Galerie photos exposition one two street art - little beaux arts lyon 3\" width=\"150\" height=\"150\" class=\"skip-lazy fg-image\" data-src-fg=\"https:\/\/littlebeauxarts.fr\/wp-content\/uploads\/cache\/2021\/01\/IMG_1301-scaled\/1566861610.jpg\" src=\"data:image\/svg+xml,%3Csvg%20xmlns%3D%22http%3A%2F%2Fwww.w3.org%2F2000%2Fsvg%22%20width%3D%22150%22%20height%3D%22150%22%20viewBox%3D%220%200%20150%20150%22%3E%3C%2Fsvg%3E\" loading=\"eager\"><\/span><span class=\"fg-image-overlay\"><\/span><\/a><\/figure><div class=\"fg-loader\"><\/div><\/div><div class=\"fg-item fg-type-image fg-idle\"><figure class=\"fg-item-inner\"><a href=\"https:\/\/littlebeauxarts.fr\/wp-content\/uploads\/CP_IMG_6175.jpg\" data-attachment-id=\"2869\" data-type=\"image\" class=\"fg-thumb\"><span class=\"fg-image-wrap\"><img decoding=\"async\" width=\"150\" height=\"150\" class=\"skip-lazy fg-image\" data-src-fg=\"https:\/\/littlebeauxarts.fr\/wp-content\/uploads\/cache\/CP_IMG_6175\/3354232231.jpg\" src=\"data:image\/svg+xml,%3Csvg%20xmlns%3D%22http%3A%2F%2Fwww.w3.org%2F2000%2Fsvg%22%20width%3D%22150%22%20height%3D%22150%22%20viewBox%3D%220%200%20150%20150%22%3E%3C%2Fsvg%3E\" loading=\"eager\"><\/span><span class=\"fg-image-overlay\"><\/span><\/a><\/figure><div class=\"fg-loader\"><\/div><\/div><\/div>\n\n\n\n<div style=\"height:55px\" aria-hidden=\"true\" class=\"wp-block-spacer\"><\/div>\n\n\n\n<h3 class=\"wp-block-heading has-text-align-center\">R\u00c9ALISATION DE FRESQUES &amp;<\/h3>\n\n\n\n<h3 class=\"wp-block-heading has-text-align-center\">PROJETS SUR MESURE<\/h3>\n\n\n\n<hr class=\"wp-block-separator has-css-opacity is-style-wide\"\/>\n\n\n\n<div class=\"wp-block-columns is-layout-flex wp-container-core-columns-is-layout-9d6595d7 wp-block-columns-is-layout-flex\">\n<div class=\"wp-block-column is-layout-flow wp-block-column-is-layout-flow\">\n<figure class=\"wp-block-image size-large\"><img loading=\"lazy\" decoding=\"async\" width=\"1024\" height=\"1024\" src=\"http:\/\/littlebeauxarts.fr\/wp-content\/uploads\/143-scaled-e1626962843389-1024x1024.jpg\" alt=\"\" class=\"wp-image-2777\" srcset=\"https:\/\/littlebeauxarts.fr\/wp-content\/uploads\/143-scaled-e1626962843389-1024x1024.jpg 1024w, https:\/\/littlebeauxarts.fr\/wp-content\/uploads\/143-scaled-e1626962843389-300x300.jpg 300w, https:\/\/littlebeauxarts.fr\/wp-content\/uploads\/143-scaled-e1626962843389-150x150.jpg 150w, https:\/\/littlebeauxarts.fr\/wp-content\/uploads\/143-scaled-e1626962843389-768x768.jpg 768w, https:\/\/littlebeauxarts.fr\/wp-content\/uploads\/143-scaled-e1626962843389-1160x1160.jpg 1160w, https:\/\/littlebeauxarts.fr\/wp-content\/uploads\/143-scaled-e1626962843389-75x75.jpg 75w, https:\/\/littlebeauxarts.fr\/wp-content\/uploads\/143-scaled-e1626962843389.jpg 1249w\" sizes=\"auto, (max-width: 1024px) 100vw, 1024px\" \/><\/figure>\n<\/div>\n\n\n\n<div class=\"wp-block-column is-layout-flow wp-block-column-is-layout-flow\">\n<p>R\u00e9alisation de fresques collectives par les enfants encadr\u00e9s par des artistes contemporains, interventions r\u00e9guli\u00e8res de nos m\u00e9diatrices ou sur plusieurs s\u00e9ances&#8230;<\/p>\n\n\n\n<p>Des projets sp\u00e9cifiques peuvent \u00eatre construits avec l&#8217;\u00e9tablissement.<\/p>\n\n\n\n<p class=\"has-text-align-center\">Pour tous vos projets, <strong><a href=\"http:\/\/littlebeauxarts.fr\/?page_id=2\">contactez-nous !<\/a><\/strong><\/p>\n<\/div>\n\n\n\n<div class=\"wp-block-column is-layout-flow wp-block-column-is-layout-flow\">\n<figure class=\"wp-block-image size-large\"><img loading=\"lazy\" decoding=\"async\" width=\"1024\" height=\"1024\" src=\"http:\/\/littlebeauxarts.fr\/wp-content\/uploads\/fresque-Genas-1024x1024.png\" alt=\"\" class=\"wp-image-3107\" srcset=\"https:\/\/littlebeauxarts.fr\/wp-content\/uploads\/fresque-Genas-1024x1024.png 1024w, https:\/\/littlebeauxarts.fr\/wp-content\/uploads\/fresque-Genas-300x300.png 300w, https:\/\/littlebeauxarts.fr\/wp-content\/uploads\/fresque-Genas-150x150.png 150w, https:\/\/littlebeauxarts.fr\/wp-content\/uploads\/fresque-Genas-768x768.png 768w, https:\/\/littlebeauxarts.fr\/wp-content\/uploads\/fresque-Genas-1160x1160.png 1160w, https:\/\/littlebeauxarts.fr\/wp-content\/uploads\/fresque-Genas-75x75.png 75w, https:\/\/littlebeauxarts.fr\/wp-content\/uploads\/fresque-Genas.png 1249w\" sizes=\"auto, (max-width: 1024px) 100vw, 1024px\" \/><\/figure>\n<\/div>\n<\/div>\n\n\n\n<div class=\"wp-block-columns is-layout-flex wp-container-core-columns-is-layout-9d6595d7 wp-block-columns-is-layout-flex\">\n<div class=\"wp-block-column is-layout-flow wp-block-column-is-layout-flow\">\n<div style=\"height:19px\" aria-hidden=\"true\" class=\"wp-block-spacer\"><\/div>\n\n\n\n<p class=\"has-text-align-center\"><mark style=\"background-color:rgba(0, 0, 0, 0);color:#c23751\" class=\"has-inline-color\"><strong>ILS ONT<\/strong> <\/mark>\u2764\ufe0f <\/p>\n\n\n\n<p>&#8220;Cet atelier est une jolie bulle de l\u00e9g\u00e8ret\u00e9.&nbsp;Les \u00e9l\u00e8ves se sont passionn\u00e9s pour l&#8217;atelier, la pr\u00e9sentation ludique et les jeux. La partie art plastique ensuite et le rendu obtenu est tr\u00e8s gratifiant pour eux. Merci ! &#8221; Marie, classe de CE2 \u00e0 Lissieu<\/p>\n\n\n\n<p>&#8221; Les apports culturels \u00e9taient riches mais toujours tr\u00e8s adapt\u00e9s au niveau des enfants, c&#8217;\u00e9tait vivant, tout en restant toujours ouvert aux questions des enfants. L&#8217;atelier, \u00e9tait bien organis\u00e9, clair dans les consignes, tout en laissant une part de cr\u00e9ation. Merci !&#8221; Laetitia, classe de CP \u00e0 Couzon au Mont d&#8217;Or<\/p>\n\n\n\n<p>&#8220;Le projet de r\u00e9alisation d&#8217;une fresque dans le foyer du coll\u00e8ge f\u00fbt un franc succ\u00e8s puisque non seulement les \u00e9l\u00e8ves ont ador\u00e9 participer et d\u00e9couvrir de nouvelles techniques artistiques, mais il a \u00e9galement permis de f\u00e9d\u00e9rer \u00e0 nouveau les \u00e9l\u00e8ves de la classe. (..)&#8221;. Sophie, Coll\u00e8ge Lyon 7<\/p>\n\n\n\n<p>&#8220;L\u2019intervention de Little Beaux-Arts a \u00e9t\u00e9 tr\u00e8s appr\u00e9ci\u00e9e car elle allie histoire de l\u2019art, en l\u2019adaptant extr\u00eamement bien aux plus jeunes, et cr\u00e9ation.&nbsp;Les \u0153uvres imprim\u00e9es en grand format, les anecdotes adapt\u00e9es \u00e0 leur \u00e2ge et les petites animations ont permis aux \u00e9l\u00e8ves de se plonger v\u00e9ritablement dans l\u2019\u00e9poque, la vie et l\u2019\u0153uvre de Claude Monet&#8230;et de s\u2019en souvenir plusieurs mois apr\u00e8s ! Les enfants \u00e9taient \u00e9galement tr\u00e8s fiers de leurs cr\u00e9ations&#8230;dans les pas de cet artiste qu\u2019ils venaient de d\u00e9couvrir ! \u00bb St\u00e9phanie, classe de CP, Lyon 3<\/p>\n\n\n\n<p>&#8220;De l&#8217;art, de l&#8217;humour, des jeux et \u00e0 travers tout cela, beaucoup d&#8217;apprentissages ! Une ouverture r\u00e9ussie sur l&#8217;histoire de l&#8217;art d\u00e8s la maternelle.  Plusieurs enfants ont demand\u00e9 \u00e0 refaire un autre tableau, nous allons donc poursuivre en classe !&#8221; Pierre, classe de MS\/GS, Lyon 2<\/p>\n\n\n\n<p>&#8220;La partie th\u00e9orique est tr\u00e8s int\u00e9ressante et vivante avec la participation des \u00e9l\u00e8ves. Ils ont tous appr\u00e9ci\u00e9 et d\u00e9couvert beaucoup de choses.&#8221; Catherine, classe de CM1 \u00e0 Saint Pierre de Chandieu<\/p>\n\n\n\n<p>&#8220;Un super retour de la part des enfants et des adultes pr\u00e9sents. Merci encore c&#8217;\u00e9tait comme chaque ann\u00e9e parfait.&#8221; Nora, classe de GS, Villeurbanne<\/p>\n\n\n\n<p>&#8221; Enfants, ATSEM, enseignante, nous avons tous aim\u00e9 cette animation vivante, participative, culturelle avec un tr\u00e8s beau r\u00e9sultat final.&#8221; Delphine, PS, Lyon 8\u00e8me<\/p>\n\n\n\n<p>&#8220;Une fresque magnifique, elle \u00e9gaie l&#8217;\u00e9cole et le message qui s&#8217;en d\u00e9gage correspond bien \u00e0 l&#8217;orientation du projet de l&#8217;\u00e9cole.&nbsp;C&#8217;est une tr\u00e8s belle r\u00e9ussite artistique . Mille bravos&#8221;, Isabelle, directrice d&#8217;\u00e9cole primaire, Genas.<\/p>\n<\/div>\n<\/div>\n\n\n\n<div class=\"wp-block-columns is-layout-flex wp-container-core-columns-is-layout-9d6595d7 wp-block-columns-is-layout-flex\">\n<div class=\"wp-block-column is-layout-flow wp-block-column-is-layout-flow\" style=\"flex-basis:25.33%\"><div class=\"wp-block-image\">\n<figure class=\"alignright size-large is-resized\"><img loading=\"lazy\" decoding=\"async\" width=\"996\" height=\"1024\" src=\"http:\/\/littlebeauxarts.fr\/wp-content\/uploads\/2019\/07\/logo_MEH-996x1024.png\" alt=\"Logo Le musee en herbe - little beaux arts - lyon\" class=\"wp-image-1125\" style=\"width:92px;height:94px\" srcset=\"https:\/\/littlebeauxarts.fr\/wp-content\/uploads\/2019\/07\/logo_MEH-996x1024.png 996w, https:\/\/littlebeauxarts.fr\/wp-content\/uploads\/2019\/07\/logo_MEH-292x300.png 292w, https:\/\/littlebeauxarts.fr\/wp-content\/uploads\/2019\/07\/logo_MEH-768x790.png 768w, https:\/\/littlebeauxarts.fr\/wp-content\/uploads\/2019\/07\/logo_MEH-24x24.png 24w, https:\/\/littlebeauxarts.fr\/wp-content\/uploads\/2019\/07\/logo_MEH-36x36.png 36w, https:\/\/littlebeauxarts.fr\/wp-content\/uploads\/2019\/07\/logo_MEH-48x48.png 48w\" sizes=\"auto, (max-width: 996px) 100vw, 996px\" \/><\/figure>\n<\/div>\n\n<div class=\"wp-block-image\">\n<figure class=\"alignleft size-large is-resized\"><img loading=\"lazy\" decoding=\"async\" width=\"989\" height=\"1024\" src=\"http:\/\/littlebeauxarts.fr\/wp-content\/uploads\/2020\/09\/PREF_region_Auvergne_Rhone_Alpes_CMJN-989x1024.jpg\" alt=\"\" class=\"wp-image-1153\" style=\"width:119px;height:124px\" srcset=\"https:\/\/littlebeauxarts.fr\/wp-content\/uploads\/2020\/09\/PREF_region_Auvergne_Rhone_Alpes_CMJN-989x1024.jpg 989w, https:\/\/littlebeauxarts.fr\/wp-content\/uploads\/2020\/09\/PREF_region_Auvergne_Rhone_Alpes_CMJN-290x300.jpg 290w, https:\/\/littlebeauxarts.fr\/wp-content\/uploads\/2020\/09\/PREF_region_Auvergne_Rhone_Alpes_CMJN-768x795.jpg 768w, https:\/\/littlebeauxarts.fr\/wp-content\/uploads\/2020\/09\/PREF_region_Auvergne_Rhone_Alpes_CMJN-24x24.jpg 24w, https:\/\/littlebeauxarts.fr\/wp-content\/uploads\/2020\/09\/PREF_region_Auvergne_Rhone_Alpes_CMJN-36x36.jpg 36w, https:\/\/littlebeauxarts.fr\/wp-content\/uploads\/2020\/09\/PREF_region_Auvergne_Rhone_Alpes_CMJN-46x48.jpg 46w\" sizes=\"auto, (max-width: 989px) 100vw, 989px\" \/><\/figure>\n<\/div><\/div>\n\n\n\n<div class=\"wp-block-column is-layout-flow wp-block-column-is-layout-flow\" style=\"flex-basis:66.66%\">\n<p>Les mini-expositions &#8220;Les Tableaux de Pablo&#8221;, &#8220;Les Chevalets de Monet&#8221;, &#8220;Quel artiste ce Matisse&#8221; et &#8220;Hundertwasser, \u00e9colo avant l&#8217;heure&#8221; ont \u00e9t\u00e9 con\u00e7ues par le mus\u00e9e en Herbe, Paris. Avec le soutien du Pr\u00e9fet de R\u00e9gion et de la DRAC Auvergne-Rh\u00f4ne-Alpes.<br><br><strong>Pr\u00e8s de 3500 enfants ont b\u00e9n\u00e9fici\u00e9 d&#8217;une mini-exposition sur l&#8217;ann\u00e9e scolaire 2024-2025. Depuis 2018, nous sommes intervenus aupr\u00e8s de 15 000 enfants dans de nombreux \u00e9tablissements. <\/strong><a href=\"http:\/\/littlebeauxarts.fr\/?page_id=2619\">D\u00e9couvrez-les.<\/a><\/p>\n<\/div>\n<\/div>\n\n\n\n<p><\/p>\n","protected":false},"excerpt":{"rendered":"<p>Lorsque les enfants ne vont pas au mus\u00e9e, nous venons \u00e0 eux ! LES MINI-EXPOSITIONS Pour une fois, les enfants ne se d\u00e9placent pas pour d\u00e9couvrir des chefs d&#8217;oeuvre de l&#8217;histoire de l&#8217;art. Little Beaux-Arts propose un programme d&#8217;animations culturelles et artistiques qui s&#8217;adressent aux \u00e9tablissements scolaires, mais aussi aux centres de loisirs, biblioth\u00e8ques et toute autre structure accueillant des groupes d&#8217;enfants, de la maternelle au coll\u00e8ge. LE CONCEPT 4 m\u00e9diatrices, Blanche, Handan, Juliette et Judith, passionn\u00e9es par l&#8217;art et les enfants, sillonnent Lyon et ses environs, la mallette charg\u00e9e de tableaux, de jeux et d&#8217;outils p\u00e9dagogiques. A partir de reproductions d&#8217;oeuvres et de jeux, avec une approche bas\u00e9e sur l&#8217;humour, l&#8217;interactivit\u00e9 et la cr\u00e9ativit\u00e9, les enfants se familiarisent avec les grands artistes et l&#8217;histoire de l&#8217;art sur place et en s&#8217;amusant. Puis, \u00e0 leur tour d&#8217;\u00eatre des artistes ! Un atelier d&#8217;art plastique peut suivre l&#8217;animation : les enfants r\u00e9alisent une cr\u00e9ation d\u2019apr\u00e8s l&#8217;artiste, une \u0153uvre ou le th\u00e8me pr\u00e9sent\u00e9. 1Mini-exposition puis atelier pour une classe (ou un groupe) 2Mini-expositions dans 2 classes (ou groupes) successives.fs, sans atelier Dur\u00e9e 1\/2 journ\u00e9eClasses Toutes, de la PS au coll\u00e8geTarif 235 \u20ac \/ demi-journ\u00e9e T\u00e9l\u00e9charger tout le catalogue : 7 TH\u00c8MES, PLEIN D&#8217;ATELIERS Pour chacun des th\u00e8mes, plusieurs arteliers d&#8217;art plastiques sont propos\u00e9s en fonction de l&#8217;\u00e2ge des enfants et des axes souhait\u00e9s. Le mat\u00e9riel pour l&#8217;atelier est \u00e0 fournir par l&#8217;\u00e9tablissement. Un dossier p\u00e9dagogique est envoy\u00e9 \u00e0 l&#8217;enseignant pour qu\u2019il puisse pr\u00e9parer sa classe \u00e0 l\u2019intervention choisie ou poursuivre lui-m\u00eame sur le m\u00eame th\u00e8me. ET POUR R\u00c9SERVER ? Il suffit de remplir et de renvoyer le formulaire de r\u00e9servation ci-dessous en indiquant plusieurs propositions de dates et nous vous recontactons. Vous pouvez aussi t\u00e9l\u00e9charger la brochure scolaire plus haut et nous contacter pour plus d&#8217;informations : contact@littlebeauxarts.fr \/ 06 13 94 51 34 R\u00c9ALISATION DE FRESQUES &amp; PROJETS SUR MESURE R\u00e9alisation de fresques collectives par les enfants encadr\u00e9s par des artistes contemporains, interventions r\u00e9guli\u00e8res de nos m\u00e9diatrices ou sur plusieurs s\u00e9ances&#8230; Des projets sp\u00e9cifiques peuvent \u00eatre construits avec l&#8217;\u00e9tablissement. Pour tous vos projets, contactez-nous ! ILS ONT \u2764\ufe0f &#8220;Cet atelier est une jolie bulle de l\u00e9g\u00e8ret\u00e9.&nbsp;Les \u00e9l\u00e8ves se sont passionn\u00e9s pour l&#8217;atelier, la pr\u00e9sentation ludique et les jeux. La partie art plastique ensuite et le rendu obtenu est tr\u00e8s gratifiant pour eux. Merci ! &#8221; Marie, classe de CE2 \u00e0 Lissieu &#8221; Les apports culturels \u00e9taient riches mais toujours tr\u00e8s adapt\u00e9s au niveau des enfants, c&#8217;\u00e9tait vivant, tout en restant toujours ouvert aux questions des enfants. L&#8217;atelier, \u00e9tait bien organis\u00e9, clair dans les consignes, tout en laissant une part de cr\u00e9ation. Merci !&#8221; Laetitia, classe de CP \u00e0 Couzon au Mont d&#8217;Or &#8220;Le projet de r\u00e9alisation d&#8217;une fresque dans le foyer du coll\u00e8ge f\u00fbt un franc succ\u00e8s puisque non seulement les \u00e9l\u00e8ves ont ador\u00e9 participer et d\u00e9couvrir de nouvelles techniques artistiques, mais il a \u00e9galement permis de f\u00e9d\u00e9rer \u00e0 nouveau les \u00e9l\u00e8ves de la classe. (..)&#8221;. Sophie, Coll\u00e8ge Lyon 7 &#8220;L\u2019intervention de Little Beaux-Arts a \u00e9t\u00e9 tr\u00e8s appr\u00e9ci\u00e9e car elle allie histoire de l\u2019art, en l\u2019adaptant extr\u00eamement bien aux plus jeunes, et cr\u00e9ation.&nbsp;Les \u0153uvres imprim\u00e9es en grand format, les anecdotes adapt\u00e9es \u00e0 leur \u00e2ge et les petites animations ont permis aux \u00e9l\u00e8ves de se plonger v\u00e9ritablement dans l\u2019\u00e9poque, la vie et l\u2019\u0153uvre de Claude Monet&#8230;et de s\u2019en souvenir plusieurs mois apr\u00e8s ! Les enfants \u00e9taient \u00e9galement tr\u00e8s fiers de leurs cr\u00e9ations&#8230;dans les pas de cet artiste qu\u2019ils venaient de d\u00e9couvrir ! \u00bb St\u00e9phanie, classe de CP, Lyon 3 &#8220;De l&#8217;art, de l&#8217;humour, des jeux et \u00e0 travers tout cela, beaucoup d&#8217;apprentissages ! Une ouverture r\u00e9ussie sur l&#8217;histoire de l&#8217;art d\u00e8s la maternelle. Plusieurs enfants ont demand\u00e9 \u00e0 refaire un autre tableau, nous allons donc poursuivre en classe !&#8221; Pierre, classe de MS\/GS, Lyon 2 &#8220;La partie th\u00e9orique est tr\u00e8s int\u00e9ressante et vivante avec la participation des \u00e9l\u00e8ves. Ils ont tous appr\u00e9ci\u00e9 et d\u00e9couvert beaucoup de choses.&#8221; Catherine, classe de CM1 \u00e0 Saint Pierre de Chandieu &#8220;Un super retour de la part des enfants et des adultes pr\u00e9sents. Merci encore c&#8217;\u00e9tait comme chaque ann\u00e9e parfait.&#8221; Nora, classe de GS, Villeurbanne &#8221; Enfants, ATSEM, enseignante, nous avons tous aim\u00e9 cette animation vivante, participative, culturelle avec un tr\u00e8s beau r\u00e9sultat final.&#8221; Delphine, PS, Lyon 8\u00e8me &#8220;Une fresque magnifique, elle \u00e9gaie l&#8217;\u00e9cole et le message qui s&#8217;en d\u00e9gage correspond bien \u00e0 l&#8217;orientation du projet de l&#8217;\u00e9cole.&nbsp;C&#8217;est une tr\u00e8s belle r\u00e9ussite artistique . Mille bravos&#8221;, Isabelle, directrice d&#8217;\u00e9cole primaire, Genas. Les mini-expositions &#8220;Les Tableaux de Pablo&#8221;, &#8220;Les Chevalets de Monet&#8221;, &#8220;Quel artiste ce Matisse&#8221; et &#8220;Hundertwasser, \u00e9colo avant l&#8217;heure&#8221; ont \u00e9t\u00e9 con\u00e7ues par le mus\u00e9e en Herbe, Paris. Avec le soutien du Pr\u00e9fet de R\u00e9gion et de la DRAC Auvergne-Rh\u00f4ne-Alpes. Pr\u00e8s de 3500 enfants ont b\u00e9n\u00e9fici\u00e9 d&#8217;une mini-exposition sur l&#8217;ann\u00e9e scolaire 2024-2025. Depuis 2018, nous sommes intervenus aupr\u00e8s de 15 000 enfants dans de nombreux \u00e9tablissements. D\u00e9couvrez-les.<\/p>\n","protected":false},"author":1,"featured_media":1373,"parent":0,"menu_order":0,"comment_status":"closed","ping_status":"closed","template":"","meta":{"footnotes":""},"class_list":["post-1031","page","type-page","status-publish","has-post-thumbnail","hentry"],"yoast_head":"<!-- This site is optimized with the Yoast SEO plugin v27.5 - https:\/\/yoast.com\/product\/yoast-seo-wordpress\/ -->\n<title>Ateliers \u00e0 l&#039;\u00e9cole - LITTLE BEAUX ARTS<\/title>\n<meta name=\"description\" content=\"Un programme d&#039;animations culturelles et artistiques d\u00e9di\u00e9 aux \u00e9tablissements ou structures accueillant des groupes d&#039;enfants de la maternelle au coll\u00e8ge. \u00c9tablissements scolaires, centre de loisirs, biblioth\u00e8ques. Lyon et ses alentours, tableaux et jeux, atelier d&#039;art plastique.\" \/>\n<meta name=\"robots\" content=\"index, follow, max-snippet:-1, max-image-preview:large, max-video-preview:-1\" \/>\n<link rel=\"canonical\" href=\"https:\/\/littlebeauxarts.fr\/?page_id=1031\" \/>\n<meta property=\"og:locale\" content=\"fr_FR\" \/>\n<meta property=\"og:type\" content=\"article\" \/>\n<meta property=\"og:title\" content=\"Ateliers \u00e0 l&#039;\u00e9cole - LITTLE BEAUX ARTS\" \/>\n<meta property=\"og:description\" content=\"Un programme d&#039;animations culturelles et artistiques d\u00e9di\u00e9 aux \u00e9tablissements ou structures accueillant des groupes d&#039;enfants de la maternelle au coll\u00e8ge. \u00c9tablissements scolaires, centre de loisirs, biblioth\u00e8ques. Lyon et ses alentours, tableaux et jeux, atelier d&#039;art plastique.\" \/>\n<meta property=\"og:url\" content=\"https:\/\/littlebeauxarts.fr\/?page_id=1031\" \/>\n<meta property=\"og:site_name\" content=\"LITTLE BEAUX ARTS\" \/>\n<meta property=\"article:publisher\" content=\"https:\/\/www.facebook.com\/littlebeauxarts\/\" \/>\n<meta property=\"article:modified_time\" content=\"2025-09-23T20:34:35+00:00\" \/>\n<meta property=\"og:image\" content=\"https:\/\/littlebeauxarts.fr\/wp-content\/uploads\/2021\/01\/Bandeau-Ateliers-a\u0300-le\u0301cole.jpg\" \/>\n\t<meta property=\"og:image:width\" content=\"1600\" \/>\n\t<meta property=\"og:image:height\" content=\"733\" \/>\n\t<meta property=\"og:image:type\" content=\"image\/jpeg\" \/>\n<meta name=\"twitter:card\" content=\"summary_large_image\" \/>\n<meta name=\"twitter:label1\" content=\"Dur\u00e9e de lecture estim\u00e9e\" \/>\n\t<meta name=\"twitter:data1\" content=\"6 minutes\" \/>\n<script type=\"application\/ld+json\" class=\"yoast-schema-graph\">{\"@context\":\"https:\\\/\\\/schema.org\",\"@graph\":[{\"@type\":\"WebPage\",\"@id\":\"https:\\\/\\\/littlebeauxarts.fr\\\/?page_id=1031\",\"url\":\"https:\\\/\\\/littlebeauxarts.fr\\\/?page_id=1031\",\"name\":\"Ateliers \u00e0 l'\u00e9cole - LITTLE BEAUX ARTS\",\"isPartOf\":{\"@id\":\"http:\\\/\\\/littlebeauxarts.fr\\\/#website\"},\"primaryImageOfPage\":{\"@id\":\"https:\\\/\\\/littlebeauxarts.fr\\\/?page_id=1031#primaryimage\"},\"image\":{\"@id\":\"https:\\\/\\\/littlebeauxarts.fr\\\/?page_id=1031#primaryimage\"},\"thumbnailUrl\":\"https:\\\/\\\/littlebeauxarts.fr\\\/wp-content\\\/uploads\\\/2021\\\/01\\\/Bandeau-Ateliers-a\u0300-le\u0301cole.jpg\",\"datePublished\":\"2018-10-22T16:20:46+00:00\",\"dateModified\":\"2025-09-23T20:34:35+00:00\",\"description\":\"Un programme d'animations culturelles et artistiques d\u00e9di\u00e9 aux \u00e9tablissements ou structures accueillant des groupes d'enfants de la maternelle au coll\u00e8ge. \u00c9tablissements scolaires, centre de loisirs, biblioth\u00e8ques. Lyon et ses alentours, tableaux et jeux, atelier d'art plastique.\",\"breadcrumb\":{\"@id\":\"https:\\\/\\\/littlebeauxarts.fr\\\/?page_id=1031#breadcrumb\"},\"inLanguage\":\"fr-FR\",\"potentialAction\":[{\"@type\":\"ReadAction\",\"target\":[\"https:\\\/\\\/littlebeauxarts.fr\\\/?page_id=1031\"]}]},{\"@type\":\"ImageObject\",\"inLanguage\":\"fr-FR\",\"@id\":\"https:\\\/\\\/littlebeauxarts.fr\\\/?page_id=1031#primaryimage\",\"url\":\"https:\\\/\\\/littlebeauxarts.fr\\\/wp-content\\\/uploads\\\/2021\\\/01\\\/Bandeau-Ateliers-a\u0300-le\u0301cole.jpg\",\"contentUrl\":\"https:\\\/\\\/littlebeauxarts.fr\\\/wp-content\\\/uploads\\\/2021\\\/01\\\/Bandeau-Ateliers-a\u0300-le\u0301cole.jpg\",\"width\":1600,\"height\":733,\"caption\":\"Lorsque les enfants ne vont pas au mus\u00e9e, nous venons \u00e0 eux !\"},{\"@type\":\"BreadcrumbList\",\"@id\":\"https:\\\/\\\/littlebeauxarts.fr\\\/?page_id=1031#breadcrumb\",\"itemListElement\":[{\"@type\":\"ListItem\",\"position\":1,\"name\":\"Accueil\",\"item\":\"http:\\\/\\\/littlebeauxarts.fr\\\/\"},{\"@type\":\"ListItem\",\"position\":2,\"name\":\"Ateliers \u00e0 l&#8217;\u00e9cole\"}]},{\"@type\":\"WebSite\",\"@id\":\"http:\\\/\\\/littlebeauxarts.fr\\\/#website\",\"url\":\"http:\\\/\\\/littlebeauxarts.fr\\\/\",\"name\":\"LITTLE BEAUX ARTS\",\"description\":\"D\u00e9couvrir l\u2019art et le monde des mus\u00e9es en s\u2019amusant et en cr\u00e9ant \u00e0 tous les \u00e2ges\",\"publisher\":{\"@id\":\"http:\\\/\\\/littlebeauxarts.fr\\\/#organization\"},\"potentialAction\":[{\"@type\":\"SearchAction\",\"target\":{\"@type\":\"EntryPoint\",\"urlTemplate\":\"http:\\\/\\\/littlebeauxarts.fr\\\/?s={search_term_string}\"},\"query-input\":{\"@type\":\"PropertyValueSpecification\",\"valueRequired\":true,\"valueName\":\"search_term_string\"}}],\"inLanguage\":\"fr-FR\"},{\"@type\":\"Organization\",\"@id\":\"http:\\\/\\\/littlebeauxarts.fr\\\/#organization\",\"name\":\"Little Beaux-Arts\",\"url\":\"http:\\\/\\\/littlebeauxarts.fr\\\/\",\"logo\":{\"@type\":\"ImageObject\",\"inLanguage\":\"fr-FR\",\"@id\":\"http:\\\/\\\/littlebeauxarts.fr\\\/#\\\/schema\\\/logo\\\/image\\\/\",\"url\":\"\",\"contentUrl\":\"\",\"caption\":\"Little Beaux-Arts\"},\"image\":{\"@id\":\"http:\\\/\\\/littlebeauxarts.fr\\\/#\\\/schema\\\/logo\\\/image\\\/\"},\"sameAs\":[\"https:\\\/\\\/www.facebook.com\\\/littlebeauxarts\\\/\",\"https:\\\/\\\/www.instagram.com\\\/littlebeauxarts\\\/\"]}]}<\/script>\n<!-- \/ Yoast SEO plugin. -->","yoast_head_json":{"title":"Ateliers \u00e0 l'\u00e9cole - LITTLE BEAUX ARTS","description":"Un programme d'animations culturelles et artistiques d\u00e9di\u00e9 aux \u00e9tablissements ou structures accueillant des groupes d'enfants de la maternelle au coll\u00e8ge. \u00c9tablissements scolaires, centre de loisirs, biblioth\u00e8ques. Lyon et ses alentours, tableaux et jeux, atelier d'art plastique.","robots":{"index":"index","follow":"follow","max-snippet":"max-snippet:-1","max-image-preview":"max-image-preview:large","max-video-preview":"max-video-preview:-1"},"canonical":"https:\/\/littlebeauxarts.fr\/?page_id=1031","og_locale":"fr_FR","og_type":"article","og_title":"Ateliers \u00e0 l'\u00e9cole - LITTLE BEAUX ARTS","og_description":"Un programme d'animations culturelles et artistiques d\u00e9di\u00e9 aux \u00e9tablissements ou structures accueillant des groupes d'enfants de la maternelle au coll\u00e8ge. \u00c9tablissements scolaires, centre de loisirs, biblioth\u00e8ques. Lyon et ses alentours, tableaux et jeux, atelier d'art plastique.","og_url":"https:\/\/littlebeauxarts.fr\/?page_id=1031","og_site_name":"LITTLE BEAUX ARTS","article_publisher":"https:\/\/www.facebook.com\/littlebeauxarts\/","article_modified_time":"2025-09-23T20:34:35+00:00","og_image":[{"width":1600,"height":733,"url":"https:\/\/littlebeauxarts.fr\/wp-content\/uploads\/2021\/01\/Bandeau-Ateliers-a\u0300-le\u0301cole.jpg","type":"image\/jpeg"}],"twitter_card":"summary_large_image","twitter_misc":{"Dur\u00e9e de lecture estim\u00e9e":"6 minutes"},"schema":{"@context":"https:\/\/schema.org","@graph":[{"@type":"WebPage","@id":"https:\/\/littlebeauxarts.fr\/?page_id=1031","url":"https:\/\/littlebeauxarts.fr\/?page_id=1031","name":"Ateliers \u00e0 l'\u00e9cole - LITTLE BEAUX ARTS","isPartOf":{"@id":"http:\/\/littlebeauxarts.fr\/#website"},"primaryImageOfPage":{"@id":"https:\/\/littlebeauxarts.fr\/?page_id=1031#primaryimage"},"image":{"@id":"https:\/\/littlebeauxarts.fr\/?page_id=1031#primaryimage"},"thumbnailUrl":"https:\/\/littlebeauxarts.fr\/wp-content\/uploads\/2021\/01\/Bandeau-Ateliers-a\u0300-le\u0301cole.jpg","datePublished":"2018-10-22T16:20:46+00:00","dateModified":"2025-09-23T20:34:35+00:00","description":"Un programme d'animations culturelles et artistiques d\u00e9di\u00e9 aux \u00e9tablissements ou structures accueillant des groupes d'enfants de la maternelle au coll\u00e8ge. \u00c9tablissements scolaires, centre de loisirs, biblioth\u00e8ques. Lyon et ses alentours, tableaux et jeux, atelier d'art plastique.","breadcrumb":{"@id":"https:\/\/littlebeauxarts.fr\/?page_id=1031#breadcrumb"},"inLanguage":"fr-FR","potentialAction":[{"@type":"ReadAction","target":["https:\/\/littlebeauxarts.fr\/?page_id=1031"]}]},{"@type":"ImageObject","inLanguage":"fr-FR","@id":"https:\/\/littlebeauxarts.fr\/?page_id=1031#primaryimage","url":"https:\/\/littlebeauxarts.fr\/wp-content\/uploads\/2021\/01\/Bandeau-Ateliers-a\u0300-le\u0301cole.jpg","contentUrl":"https:\/\/littlebeauxarts.fr\/wp-content\/uploads\/2021\/01\/Bandeau-Ateliers-a\u0300-le\u0301cole.jpg","width":1600,"height":733,"caption":"Lorsque les enfants ne vont pas au mus\u00e9e, nous venons \u00e0 eux !"},{"@type":"BreadcrumbList","@id":"https:\/\/littlebeauxarts.fr\/?page_id=1031#breadcrumb","itemListElement":[{"@type":"ListItem","position":1,"name":"Accueil","item":"http:\/\/littlebeauxarts.fr\/"},{"@type":"ListItem","position":2,"name":"Ateliers \u00e0 l&#8217;\u00e9cole"}]},{"@type":"WebSite","@id":"http:\/\/littlebeauxarts.fr\/#website","url":"http:\/\/littlebeauxarts.fr\/","name":"LITTLE BEAUX ARTS","description":"D\u00e9couvrir l\u2019art et le monde des mus\u00e9es en s\u2019amusant et en cr\u00e9ant \u00e0 tous les \u00e2ges","publisher":{"@id":"http:\/\/littlebeauxarts.fr\/#organization"},"potentialAction":[{"@type":"SearchAction","target":{"@type":"EntryPoint","urlTemplate":"http:\/\/littlebeauxarts.fr\/?s={search_term_string}"},"query-input":{"@type":"PropertyValueSpecification","valueRequired":true,"valueName":"search_term_string"}}],"inLanguage":"fr-FR"},{"@type":"Organization","@id":"http:\/\/littlebeauxarts.fr\/#organization","name":"Little Beaux-Arts","url":"http:\/\/littlebeauxarts.fr\/","logo":{"@type":"ImageObject","inLanguage":"fr-FR","@id":"http:\/\/littlebeauxarts.fr\/#\/schema\/logo\/image\/","url":"","contentUrl":"","caption":"Little Beaux-Arts"},"image":{"@id":"http:\/\/littlebeauxarts.fr\/#\/schema\/logo\/image\/"},"sameAs":["https:\/\/www.facebook.com\/littlebeauxarts\/","https:\/\/www.instagram.com\/littlebeauxarts\/"]}]}},"_links":{"self":[{"href":"https:\/\/littlebeauxarts.fr\/index.php?rest_route=\/wp\/v2\/pages\/1031","targetHints":{"allow":["GET"]}}],"collection":[{"href":"https:\/\/littlebeauxarts.fr\/index.php?rest_route=\/wp\/v2\/pages"}],"about":[{"href":"https:\/\/littlebeauxarts.fr\/index.php?rest_route=\/wp\/v2\/types\/page"}],"author":[{"embeddable":true,"href":"https:\/\/littlebeauxarts.fr\/index.php?rest_route=\/wp\/v2\/users\/1"}],"replies":[{"embeddable":true,"href":"https:\/\/littlebeauxarts.fr\/index.php?rest_route=%2Fwp%2Fv2%2Fcomments&post=1031"}],"version-history":[{"count":89,"href":"https:\/\/littlebeauxarts.fr\/index.php?rest_route=\/wp\/v2\/pages\/1031\/revisions"}],"predecessor-version":[{"id":3521,"href":"https:\/\/littlebeauxarts.fr\/index.php?rest_route=\/wp\/v2\/pages\/1031\/revisions\/3521"}],"wp:featuredmedia":[{"embeddable":true,"href":"https:\/\/littlebeauxarts.fr\/index.php?rest_route=\/wp\/v2\/media\/1373"}],"wp:attachment":[{"href":"https:\/\/littlebeauxarts.fr\/index.php?rest_route=%2Fwp%2Fv2%2Fmedia&parent=1031"}],"curies":[{"name":"wp","href":"https:\/\/api.w.org\/{rel}","templated":true}]}}